{"version":"1.0","provider_name":"AMAG Autoblog","provider_url":"https:\/\/www.amag-group.ch\/blog","author_name":"AMAG Blog-Team","author_url":"https:\/\/www.amag-group.ch\/blog\/author\/blogteam\/","title":"Carsharing f\u00fcr alle Zwecke! | AMAG Autoblog","type":"rich","width":600,"height":338,"html":"<blockquote class=\"wp-embedded-content\" data-secret=\"GQ5mutIunR\"><a href=\"https:\/\/www.amag-group.ch\/blog\/carsharing-fuer-alle-zwecke\/\">Carsharing f\u00fcr alle Zwecke!<\/a><\/blockquote><iframe sandbox=\"allow-scripts\" security=\"restricted\" src=\"https:\/\/www.amag-group.ch\/blog\/carsharing-fuer-alle-zwecke\/embed\/#?secret=GQ5mutIunR\" width=\"600\" height=\"338\" title=\"&#8222;Carsharing f\u00fcr alle Zwecke!&#8220; &#8211; AMAG Autoblog\" data-secret=\"GQ5mutIunR\" frameborder=\"0\" marginwidth=\"0\" marginheight=\"0\" scrolling=\"no\" class=\"wp-embedded-content\"><\/iframe><script type=\"text\/javascript\">\n\/* <![CDATA[ *\/\n\/*! This file is auto-generated *\/\n!function(d,l){\"use strict\";l.querySelector&&d.addEventListener&&\"undefined\"!=typeof URL&&(d.wp=d.wp||{},d.wp.receiveEmbedMessage||(d.wp.receiveEmbedMessage=function(e){var t=e.data;if((t||t.secret||t.message||t.value)&&!\/[^a-zA-Z0-9]\/.test(t.secret)){for(var s,r,n,a=l.querySelectorAll('iframe[data-secret=\"'+t.secret+'\"]'),o=l.querySelectorAll('blockquote[data-secret=\"'+t.secret+'\"]'),c=new RegExp(\"^https?:$\",\"i\"),i=0;i<o.length;i++)o[i].style.display=\"none\";for(i=0;i<a.length;i++)s=a[i],e.source===s.contentWindow&&(s.removeAttribute(\"style\"),\"height\"===t.message?(1e3<(r=parseInt(t.value,10))?r=1e3:~~r<200&&(r=200),s.height=r):\"link\"===t.message&&(r=new URL(s.getAttribute(\"src\")),n=new URL(t.value),c.test(n.protocol))&&n.host===r.host&&l.activeElement===s&&(d.top.location.href=t.value))}},d.addEventListener(\"message\",d.wp.receiveEmbedMessage,!1),l.addEventListener(\"DOMContentLoaded\",function(){for(var e,t,s=l.querySelectorAll(\"iframe.wp-embedded-content\"),r=0;r<s.length;r++)(t=(e=s[r]).getAttribute(\"data-secret\"))||(t=Math.random().toString(36).substring(2,12),e.src+=\"#?secret=\"+t,e.setAttribute(\"data-secret\",t)),e.contentWindow.postMessage({message:\"ready\",secret:t},\"*\")},!1)))}(window,document);\n\/\/# sourceURL=https:\/\/www.amag-group.ch\/blog\/wp-includes\/js\/wp-embed.min.js\n\/* ]]> *\/\n<\/script>\n","thumbnail_url":"https:\/\/www.amag-group.ch\/blog\/wp-content\/uploads\/2018\/05\/IMG_1303_Teaser.jpg","thumbnail_width":1920,"thumbnail_height":1280,"description":"Einfach mal kurz einen \u0160KODA Octavia Combi f\u00fcr den Einkauf in der IKEA oder als Z\u00fcgelhilfe mieten? Das ist jetzt m\u00f6glich dank der Zusammenarbeit von AMAG Services (Europcar) und der Carsharing-Plattform sharoo. Beide spannen n\u00e4mlich in Z\u00fcrich f\u00fcr ein Pilotprojekt zusammen"}