{"version":"1.0","provider_name":"AMAG Autoblog","provider_url":"https:\/\/www.amag-group.ch\/blog\/fr\/","author_name":"AMAG Blog-Team","author_url":"https:\/\/www.amag-group.ch\/blog\/fr\/author\/blogteam\/","title":"Coup de foudre: la nouvelle \u0160KODA Fabia arrive | AMAG Autoblog","type":"rich","width":600,"height":338,"html":"<blockquote class=\"wp-embedded-content\" data-secret=\"fOk4EJPkdQ\"><a href=\"https:\/\/www.amag-group.ch\/blog\/fr\/nouvelle_skoda_fabia\/\">Coup de foudre: la nouvelle \u0160KODA Fabia arrive<\/a><\/blockquote><iframe sandbox=\"allow-scripts\" security=\"restricted\" src=\"https:\/\/www.amag-group.ch\/blog\/fr\/nouvelle_skoda_fabia\/embed\/#?secret=fOk4EJPkdQ\" width=\"600\" height=\"338\" title=\"\u00ab\u00a0Coup de foudre: la nouvelle \u0160KODA Fabia arrive\u00a0\u00bb &#8212; AMAG Autoblog\" data-secret=\"fOk4EJPkdQ\" frameborder=\"0\" marginwidth=\"0\" marginheight=\"0\" scrolling=\"no\" class=\"wp-embedded-content\"><\/iframe><script type=\"text\/javascript\">\n\/* <![CDATA[ *\/\n\/*! This file is auto-generated *\/\n!function(d,l){\"use strict\";l.querySelector&&d.addEventListener&&\"undefined\"!=typeof URL&&(d.wp=d.wp||{},d.wp.receiveEmbedMessage||(d.wp.receiveEmbedMessage=function(e){var t=e.data;if((t||t.secret||t.message||t.value)&&!\/[^a-zA-Z0-9]\/.test(t.secret)){for(var s,r,n,a=l.querySelectorAll('iframe[data-secret=\"'+t.secret+'\"]'),o=l.querySelectorAll('blockquote[data-secret=\"'+t.secret+'\"]'),c=new RegExp(\"^https?:$\",\"i\"),i=0;i<o.length;i++)o[i].style.display=\"none\";for(i=0;i<a.length;i++)s=a[i],e.source===s.contentWindow&&(s.removeAttribute(\"style\"),\"height\"===t.message?(1e3<(r=parseInt(t.value,10))?r=1e3:~~r<200&&(r=200),s.height=r):\"link\"===t.message&&(r=new URL(s.getAttribute(\"src\")),n=new URL(t.value),c.test(n.protocol))&&n.host===r.host&&l.activeElement===s&&(d.top.location.href=t.value))}},d.addEventListener(\"message\",d.wp.receiveEmbedMessage,!1),l.addEventListener(\"DOMContentLoaded\",function(){for(var e,t,s=l.querySelectorAll(\"iframe.wp-embedded-content\"),r=0;r<s.length;r++)(t=(e=s[r]).getAttribute(\"data-secret\"))||(t=Math.random().toString(36).substring(2,12),e.src+=\"#?secret=\"+t,e.setAttribute(\"data-secret\",t)),e.contentWindow.postMessage({message:\"ready\",secret:t},\"*\")},!1)))}(window,document);\n\/\/# sourceURL=https:\/\/www.amag-group.ch\/blog\/wp-includes\/js\/wp-embed.min.js\n\/* ]]> *\/\n<\/script>\n","thumbnail_url":"https:\/\/www.amag-group.ch\/blog\/wp-content\/uploads\/2014\/09\/140909_New-Fabia_front.jpg","thumbnail_width":1024,"thumbnail_height":642,"description":"Question voiture, c'est le design qui suscite les \u00e9motions. La troisi\u00e8me g\u00e9n\u00e9ration de la \u0160KODA Fabia convainc par ses formes nettement plus dynamiques et plus porteuses d'\u00e9motions ainsi que par ses proportions sportives. Les amateurs de \u0160KODA peuvent se r\u00e9jouir: la nouvelle Fabia sera introduite sur le march\u00e9 suisse \u00e0 partir de janvier 2015 et sera dot\u00e9e de bien plus qu'une esth\u00e9tique aux lignes ac\u00e9r\u00e9es. Nous vous d\u00e9voilons les principales innovations et ce que vous pouvez attendre de la derni\u00e8re-n\u00e9e du constructeur automobile tch\u00e8que."}