{"version":"1.0","provider_name":"AMAG Autoblog","provider_url":"https:\/\/www.amag-group.ch\/blog\/fr\/","author_name":"AMAG Blog-Team","author_url":"https:\/\/www.amag-group.ch\/blog\/fr\/author\/blogteam\/","title":"L\u2019univers fascinant du m\u00e9catronicien automobile | AMAG Autoblog","type":"rich","width":600,"height":338,"html":"<blockquote class=\"wp-embedded-content\" data-secret=\"e2K9630jxc\"><a href=\"https:\/\/www.amag-group.ch\/blog\/fr\/lunivers-fascinant-du-mecatronicien-automobile\/\">L\u2019univers fascinant du m\u00e9catronicien automobile<\/a><\/blockquote><iframe sandbox=\"allow-scripts\" security=\"restricted\" src=\"https:\/\/www.amag-group.ch\/blog\/fr\/lunivers-fascinant-du-mecatronicien-automobile\/embed\/#?secret=e2K9630jxc\" width=\"600\" height=\"338\" title=\"\u00ab\u00a0L\u2019univers fascinant du m\u00e9catronicien automobile\u00a0\u00bb &#8212; AMAG Autoblog\" data-secret=\"e2K9630jxc\" frameborder=\"0\" marginwidth=\"0\" marginheight=\"0\" scrolling=\"no\" class=\"wp-embedded-content\"><\/iframe><script type=\"text\/javascript\">\n\/* <![CDATA[ *\/\n\/*! This file is auto-generated *\/\n!function(d,l){\"use strict\";l.querySelector&&d.addEventListener&&\"undefined\"!=typeof URL&&(d.wp=d.wp||{},d.wp.receiveEmbedMessage||(d.wp.receiveEmbedMessage=function(e){var t=e.data;if((t||t.secret||t.message||t.value)&&!\/[^a-zA-Z0-9]\/.test(t.secret)){for(var s,r,n,a=l.querySelectorAll('iframe[data-secret=\"'+t.secret+'\"]'),o=l.querySelectorAll('blockquote[data-secret=\"'+t.secret+'\"]'),c=new RegExp(\"^https?:$\",\"i\"),i=0;i<o.length;i++)o[i].style.display=\"none\";for(i=0;i<a.length;i++)s=a[i],e.source===s.contentWindow&&(s.removeAttribute(\"style\"),\"height\"===t.message?(1e3<(r=parseInt(t.value,10))?r=1e3:~~r<200&&(r=200),s.height=r):\"link\"===t.message&&(r=new URL(s.getAttribute(\"src\")),n=new URL(t.value),c.test(n.protocol))&&n.host===r.host&&l.activeElement===s&&(d.top.location.href=t.value))}},d.addEventListener(\"message\",d.wp.receiveEmbedMessage,!1),l.addEventListener(\"DOMContentLoaded\",function(){for(var e,t,s=l.querySelectorAll(\"iframe.wp-embedded-content\"),r=0;r<s.length;r++)(t=(e=s[r]).getAttribute(\"data-secret\"))||(t=Math.random().toString(36).substring(2,12),e.src+=\"#?secret=\"+t,e.setAttribute(\"data-secret\",t)),e.contentWindow.postMessage({message:\"ready\",secret:t},\"*\")},!1)))}(window,document);\n\/\/# sourceURL=https:\/\/www.amag-group.ch\/blog\/wp-includes\/js\/wp-embed.min.js\n\/* ]]> *\/\n<\/script>\n","thumbnail_url":"https:\/\/www.amag-group.ch\/blog\/wp-content\/uploads\/2015\/09\/Fritschi_2.jpg","thumbnail_width":1200,"thumbnail_height":370,"description":"En ao\u00fbt, des milliers de jeunes ont commenc\u00e9 leur apprentissage dans tous les coins de la Suisse. On constate d'une part une nette pr\u00e9f\u00e9rence pour les m\u00e9tiers du domaine commercial, informatique et m\u00e9dical et d'autre part un surplus de postes dans la branche automobile, non seulement chez les m\u00e9catroniciens automobiles. Il se peut que ceci soit en rapport avec les pr\u00e9jug\u00e9s envers ce m\u00e9tier. Pourtant, le m\u00e9tier de m\u00e9catronicien est \u00e0 la fois fascinant et passionnant, comme l'interview suivante de Monsieur Jean-Daniel Fritschi, chef du Centre Service R\u00e9gional, le montre. Le clip d'une future m\u00e9catronicienne automobile montre plus que des banalit\u00e9s quotidiennes."}